{"id":605,"date":"2016-08-15T09:08:22","date_gmt":"2016-08-15T07:08:22","guid":{"rendered":"http:\/\/www.sylviane-gaussin.be\/WP2\/?page_id=605&#038;lang=en"},"modified":"2026-02-17T15:00:20","modified_gmt":"2026-02-17T14:00:20","slug":"previous-exhibitions","status":"publish","type":"page","link":"http:\/\/www.sylviane-gaussin.be\/WP2\/index.php\/previous-exhibitions\/?lang=en","title":{"rendered":"Previous Exhibitions"},"content":{"rendered":"<h3>2025<\/h3>\n<ul>\n<li>Espace Deman Brussels &#8211; Les Sculpturelles -Brussels<\/li>\n<li>Place aux artistes CCJB &#8211; Woluwe St Pierre<\/li>\n<\/ul>\n<h3>2024<\/h3>\n<ul>\n<li>Galerie Bruno Mathys &#8211; Brussels<\/li>\n<li>Art en chemin &#8211; Nivelles<\/li>\n<li>Parcours d&rsquo;Artistes &#8211; Tourinnes la Grosse<\/li>\n<li>Ecrin &#8211; Hanret<\/li>\n<li>Promenade des artistes &#8211; Chastre<\/li>\n<\/ul>\n<h3>2023<\/h3>\n<ul>\n<li>Galerie Passerelle Louise &#8211; 1060 Brussels &#8211; \u00ab\u00a0L&rsquo;art du pr\u00e9sent\u00a0\u00bb<\/li>\n<li>Tourinnes-la-grosse<\/li>\n<li>Art Perspective International &#8211; Ch\u00e2teau Jourdain &#8211; Krainem<\/li>\n<li>La maison bleue &#8211; Brussels<\/li>\n<li>CCJ Joli Bois &#8211; Brussels<\/li>\n<li>Artauction &#8211; ART BASE -1000 Brussels<\/li>\n<\/ul>\n<h3>2022<\/h3>\n<ul>\n<li>Salon d&rsquo;hiver &#8211; \u00ab\u00a0Les chemins\u00a0\u00bb &#8211; Ottignies<\/li>\n<li>Chocol&rsquo; Art &#8211; Basilique de Koekelberg &#8211; Bruxelles<\/li>\n<li>Galerie Bal d&rsquo;Art &#8211; 1200 Bruxelles<\/li>\n<li>M\u00e9andres rebelles &#8211; Mehaigne<\/li>\n<li>Promenade des artistes &#8211; Chastre<\/li>\n<li>W:halll &#8211; 1150 Bruxelles<\/li>\n<\/ul>\n<h3>2021<\/h3>\n<ul>\n<li>Salon d&rsquo;hiver &#8211; Louvain la Neuve<\/li>\n<li>Halles St Gery &#8211; Bruxelles<\/li>\n<li>Kilnk Art &#8211; Woluwe St Pierre<\/li>\n<li>Tourinnes -la &#8211; Grosse<br \/>\n<a href=\"http:\/\/www.tourinnes.be\">http:\/\/www.tourinnes.be<\/a><\/li>\n<\/ul>\n<h3>2020<\/h3>\n<ul>\n<li>Espace Deman-\u00a0 Bruxelles &#8211; Prestige sport collection<\/li>\n<li>W:halll &#8211; Woluwe St Pierre<\/li>\n<\/ul>\n<h3>2019<\/h3>\n<ul>\n<li>Artsenal &#8211; La chaufferie &#8211; 1040 Bruxelles<\/li>\n<li>Galerie Gavilan &#8211; 1150 Bruxelles<\/li>\n<li>Tourinnes -la &#8211; Grosse<br \/>\n<a href=\"http:\/\/tourinnes.be\/parcours\/sylviane-gaussin\/\">http: \/\/tourinnes.be\/parcours\/sylviane-gaussin\/\u00a0<\/a><\/li>\n<li>Art en vitrine &#8211; Woluwe St Pierre<br \/>\n( 1er prix jury &#8211; Prix du public)<\/li>\n<\/ul>\n<h3>2018<\/h3>\n<ul>\n<li>Art Perspectives International (API) &#8211; Ch\u00e2teau Jourdain &#8211; Kraainem<\/li>\n<li>Galerie Gavilan &#8211; Exposition \u00a0\u00bb Les sculpturelles\u00a0\u00bb &#8211;\u00a01150 Bruxelles<\/li>\n<\/ul>\n<h3>2017<\/h3>\n<ul>\n<li>Galerie Clique Art ( en duo ) &#8211; 1150 Bruxelles<\/li>\n<li>S\u00e9lectionn\u00e9 au prix des arts (sculpture) &#8211; Woluwe St Pierre<\/li>\n<li>ART en vitrine\u00a0 \u2013 Woluwe St Pierre<\/li>\n<li><a href=\"http:\/\/www.artsenal.eu\/\" target=\"_blank\" rel=\"noopener noreferrer\">ARTsenal \u00a0\u2013 La Chaufferie \u2013 1040 Bruxelles<\/a><\/li>\n<li>W:Halll \u2013 1150 Bruxelles<\/li>\n<\/ul>\n<h3>2016<\/h3>\n<div class=\"story\">\n<ul>\n<li>ARTexpo (duo avec Christiane Riethaeve)- Het spaans Huis\/La maison espagnole -Tervuren<\/li>\n<li>Art Perspectives International (API) &#8211; CC Den Blank &#8211; Overijse<\/li>\n<li>\u00ab\u00a0Exodes\u00a0\u00bb \u2013 E-Gallery \u2013 1000 Bruxelles<\/li>\n<li>\u00ab\u00a0Urgence Gr\u00e8ce\u00a0\u00bb \u2013 ULB \u2014 salle Allende \u2013 Bruxelles<\/li>\n<li>\u00ab\u00a0Regards crois\u00e9s \u2013 Identit\u00e9s d\u00e9racin\u00e9es\u00a0\u00bb \u2013 Galerie passerelle Louise \u2013 Bruxelles<\/li>\n<li>W:Halll \u2013 1150 Bruxelles<\/li>\n<\/ul>\n<h3>2015<\/h3>\n<ul>\n<li><a href=\"http:\/\/www.artsenal.eu\/\" target=\"_blank\" rel=\"noopener noreferrer\">ARTsenal \u00a0\u2013 La Chaufferie \u2013 1040 Bruxelles<\/a><\/li>\n<li><a href=\"http:\/\/www.charlottevanlorreinen.be\/\" target=\"_blank\" rel=\"noopener noreferrer\">Art Gallery Charlotte Van Lorreinen \u2013 (expo personnelle) \u2013 3080 Tervuren<\/a><\/li>\n<li>W:Halll \u2013 1150 Bruxelles<\/li>\n<li><a href=\"http:\/\/www.sophieheger.com\/\" target=\"_blank\" rel=\"noopener noreferrer\">ART shopping Woluwe \u2013 Contemporary Art Fair \u2013 Bruxelles<\/a><\/li>\n<\/ul>\n<h3 class=\"sharedaddy sd-sharing-enabled\">\u00a02014<\/h3>\n<div class=\"sharedaddy sd-sharing-enabled\">\n<ul>\n<li>ART en vitrine\u00a0 \u2013 Woluwe St Pierre<\/li>\n<li>ART Shopping Woluwe \u2013 Contemporary Art fair \u2013 Bruxelles<\/li>\n<li>\u00abDuo avec Alain Smeyers \u00bb \u2013 CC Achterolmen \u2013 Maaseik<\/li>\n<li>Project 13\u00a0 \u2013 CC Den Blank \u2013 Overijse<\/li>\n<\/ul>\n<h3>2013<\/h3>\n<ul>\n<li>Halle aux foires \u2013 Libramont<\/li>\n<li>Exposition ARTsenal \u2013 La chaufferie \u2013 Bruxelles<\/li>\n<li>ART en vitrine \u2013 Woluwe St Pierre<\/li>\n<li>Parcours d\u2019artistes \u2013 Kraainem<\/li>\n<li>La M\u00e9diatine \u2013\u00a01200 Woluwe<\/li>\n<li>W:Halll \u2013 1150 Bruxelles<\/li>\n<li>Art Perspectives International (API) \u2013 Ch\u00e2teau Jourdan \u2013 Kraainem<\/li>\n<\/ul>\n<\/div>\n<h3 class=\"sharedaddy sd-sharing-enabled\">\u00a02012<\/h3>\n<\/div>\n<div class=\"sharedaddy sd-sharing-enabled\">\n<ul>\n<li>Centre Galego\/ La tentation \u2013 1000 Bruxelles<\/li>\n<li>ARTsenal \u2013 La Chaufferie \u2013 Bruxelles<\/li>\n<li>Art en vitrine \u2013 Woluwe<\/li>\n<li>\u00ab\u00a0Evocation\u00a0\u00bb \u2013 La M\u00e9diatine \u2013 1200 Woluwe<\/li>\n<\/ul>\n<h3>2011<\/h3>\n<ul>\n<li>WHalll \u2013 1150 Bruxelles<\/li>\n<li>La M\u00e9diatine \u2013 \u00a01200 Woluwe<\/li>\n<\/ul>\n<\/div>\n<h3>2022<\/h3>\n<ul>\n<li>Salon d&rsquo;hiver &#8211; \u00ab\u00a0Les chemins\u00a0\u00bb &#8211; Ottignies<\/li>\n<li>Chocol&rsquo; Art &#8211; Basilique de Koekelberg &#8211; Brussels<\/li>\n<li>\u00a0Bal d&rsquo;Art Gallery- 1200 Brussels<\/li>\n<li>M\u00e9andres rebelles &#8211; Mehaigne<\/li>\n<li>Promenade des artistes &#8211; Chastre<\/li>\n<li>W:halll &#8211; 1150 Brussels<\/li>\n<\/ul>\n<h3>2021<\/h3>\n<ul>\n<li>Salon d&rsquo;hiver &#8211; Louvain la Neuve<\/li>\n<li>Halles St Gery &#8211; Brussels<\/li>\n<li>Klink Art &#8211; Woluwe St Pierre<\/li>\n<li>Tourinnes &#8211; la &#8211; Grosse<br \/>\n<a href=\"http:\/\/www.tourinnes.be\">http:\/\/www.tourinnes.be<\/a><\/li>\n<\/ul>\n<h3>2020<\/h3>\n<ul>\n<li>Espace Deman brussels &#8211; Prestige sport collection<\/li>\n<li>W:halll &#8211; Woluwe St pierre<\/li>\n<\/ul>\n<h3>2019<\/h3>\n<ul>\n<li>Artsenal &#8211; La chaufferie &#8211; 1040 Brussels<\/li>\n<li>Galerie Gavilan &#8211; 1150 Brussels<\/li>\n<li>Tourinnes -la &#8211; Grosse<br \/>\n<a href=\"http:\/\/tourinnes.be\/parcours\/sylviane-gaussin\/\">http: \/\/tourinnes.be\/parcours\/sylviane-gaussin\/\u00a0<\/a><\/li>\n<li>Art en vitrine &#8211; Woluwe St Pierre<br \/>\n(1er prix jury &#8211; Prix du public)<\/li>\n<\/ul>\n<h3>2018<\/h3>\n<ul>\n<li>Galerie Gavilan &#8211;\u00a0Exhibition \u00ab\u00a0Les sculpturelles\u00a0 &#8211; 1150 Brussels<\/li>\n<li>Art Perspectives International (API) &#8211; Kraainem<\/li>\n<\/ul>\n<h3>2017<\/h3>\n<ul>\n<li>Clique Art\u00a0 Gallery &#8211; 1150 Brussels<\/li>\n<li>Selected\u00a0\u00ab\u00a0prix des arts\u00a0\u00bb (sculpture) &#8211; Woluwe St Pierre<\/li>\n<li>ART en vitrine\u00a0 \u2013 Woluwe St Pierre<\/li>\n<li><a href=\"http:\/\/www.artsenal.eu\/\" target=\"_blank\" rel=\"noopener noreferrer\">ARTsenal \u00a0\u2013 La Chaufferie \u2013 1040 Brussels<\/a><\/li>\n<li>W:Halll \u2013 1150 Brussels<\/li>\n<\/ul>\n<h3>2016<\/h3>\n<div class=\"story\">\n<ul>\n<li>ARTexpo (duo\u00a0with Christiane Riethaeve)- Het spaans Huis\/La maison espagnole -Tervuren<\/li>\n<li>Art Perspectives International (API) &#8211; CC Den Blank &#8211; Overijse<\/li>\n<li>\u00ab\u00a0Exodes\u00a0\u00bb \u2013 E-Gallery \u2013 1000\u00a0Brussels<\/li>\n<li>\u00ab\u00a0Urgence Gr\u00e8ce\u00a0\u00bb \u2013 ULB \u2014 salle Allende \u2013Brussels<\/li>\n<li>\u00ab\u00a0Regards crois\u00e9s \u2013 Identit\u00e9s d\u00e9racin\u00e9es\u00a0\u00bb \u2013 Galerie passerelle Louise \u2013 Brussels<\/li>\n<li>W:Halll \u2013 1150 Brussels<\/li>\n<\/ul>\n<h3>2015<\/h3>\n<ul>\n<li><a href=\"http:\/\/www.artsenal.eu\/\" target=\"_blank\" rel=\"noopener noreferrer\">ARTsenal \u00a0\u2013 La Chaufferie \u2013 1040 Brussels<\/a><\/li>\n<li><a href=\"http:\/\/www.charlottevanlorreinen.be\/\" target=\"_blank\" rel=\"noopener noreferrer\">Art Gallery Charlotte Van Lorreinen \u2013 (expo personnelle) \u2013 3080 Tervuren<\/a><\/li>\n<li>W:Halll \u2013 1150Brussels<\/li>\n<li><a href=\"http:\/\/www.sophieheger.com\/\" target=\"_blank\" rel=\"noopener noreferrer\">ART shopping Woluwe \u2013 Contemporary Art Fair \u2013Brussels<\/a><\/li>\n<\/ul>\n<h3 class=\"sharedaddy sd-sharing-enabled\">\u00a02014<\/h3>\n<div class=\"sharedaddy sd-sharing-enabled\">\n<ul>\n<li>ART en vitrine\u00a0 \u2013 Woluwe St Pierre<\/li>\n<li>ART Shopping Woluwe \u2013 Contemporary Art fair \u2013 Brussels<\/li>\n<li>\u00abDuo avec Alain Smeyers \u00bb \u2013 CC Achterolmen \u2013 Maaseik<\/li>\n<li>Project 13\u00a0 \u2013 CC Den Blank \u2013 Overijse<\/li>\n<\/ul>\n<h3><strong>2013<\/strong><\/h3>\n<ul>\n<li>Halle aux foires \u2013 Libramont<\/li>\n<li>Exposition ARTsenal \u2013 La chaufferie \u2013Brussels<\/li>\n<li>ART en vitrine \u2013 Woluwe St Pierre<\/li>\n<li>Parcours d\u2019artistes \u2013 Kraainem<\/li>\n<li>La M\u00e9diatine \u2013\u00a01200 Woluwe<\/li>\n<li>W:Halll \u2013 1150Brussels<\/li>\n<li>Art Perspectives International (API) \u2013 Ch\u00e2teau Jourdan \u2013 Kraainem<\/li>\n<\/ul>\n<\/div>\n<h3 class=\"sharedaddy sd-sharing-enabled\">\u00a02012<\/h3>\n<\/div>\n<div class=\"sharedaddy sd-sharing-enabled\">\n<ul>\n<li>Centre Galego\/ La tentation \u2013 1000 Brussels<\/li>\n<li>ARTsenal \u2013 La Chaufferie \u2013Brussels<\/li>\n<li>Art en vitrine \u2013 Woluwe<\/li>\n<li>\u00ab\u00a0Evocation\u00a0\u00bb \u2013 La M\u00e9diatine \u2013 1200 Woluwe<\/li>\n<\/ul>\n<h3>2011<\/h3>\n<ul>\n<li>WHalll \u2013 1150 Brussels<\/li>\n<li>La M\u00e9diatine \u2013 \u00a01200 Woluwe<\/li>\n<\/ul>\n<\/div>\n","protected":false},"excerpt":{"rendered":"<p class=\"excerpt\">2025 Espace Deman Brussels &#8211; Les Sculpturelles -Brussels Place aux artistes CCJB &#8211; Woluwe St Pierre 2024 Galerie Bruno Mathys &#8211; Brussels Art en chemin &#8211; Nivelles Parcours d&rsquo;Artistes &#8211; Tourinnes la Grosse Ecrin &#8211; Hanret Promenade des artistes &#8211; Chastre 2023 Galerie Passerelle Louise &#8211; 1060 Brussels &#8211; \u00ab\u00a0L&rsquo;art du pr\u00e9sent\u00a0\u00bb Tourinnes-la-grosse Art Perspective [&hellip;]<\/p>\n","protected":false},"author":1,"featured_media":0,"parent":0,"menu_order":0,"comment_status":"closed","ping_status":"closed","template":"","meta":{"jetpack_post_was_ever_published":false,"footnotes":""},"class_list":["post-605","page","type-page","status-publish","hentry"],"jetpack_sharing_enabled":true,"jetpack_shortlink":"https:\/\/wp.me\/P7GLIc-9L","jetpack-related-posts":[],"_links":{"self":[{"href":"http:\/\/www.sylviane-gaussin.be\/WP2\/index.php\/wp-json\/wp\/v2\/pages\/605","targetHints":{"allow":["GET"]}}],"collection":[{"href":"http:\/\/www.sylviane-gaussin.be\/WP2\/index.php\/wp-json\/wp\/v2\/pages"}],"about":[{"href":"http:\/\/www.sylviane-gaussin.be\/WP2\/index.php\/wp-json\/wp\/v2\/types\/page"}],"author":[{"embeddable":true,"href":"http:\/\/www.sylviane-gaussin.be\/WP2\/index.php\/wp-json\/wp\/v2\/users\/1"}],"replies":[{"embeddable":true,"href":"http:\/\/www.sylviane-gaussin.be\/WP2\/index.php\/wp-json\/wp\/v2\/comments?post=605"}],"version-history":[{"count":30,"href":"http:\/\/www.sylviane-gaussin.be\/WP2\/index.php\/wp-json\/wp\/v2\/pages\/605\/revisions"}],"predecessor-version":[{"id":14304,"href":"http:\/\/www.sylviane-gaussin.be\/WP2\/index.php\/wp-json\/wp\/v2\/pages\/605\/revisions\/14304"}],"wp:attachment":[{"href":"http:\/\/www.sylviane-gaussin.be\/WP2\/index.php\/wp-json\/wp\/v2\/media?parent=605"}],"curies":[{"name":"wp","href":"https:\/\/api.w.org\/{rel}","templated":true}]}}